{"id":956,"date":"2026-04-28T17:09:11","date_gmt":"2026-04-28T15:09:11","guid":{"rendered":"https:\/\/maisonduveloblancarde.fr\/?page_id=956"},"modified":"2026-04-28T17:15:12","modified_gmt":"2026-04-28T15:15:12","slug":"concert-velo-swing","status":"publish","type":"page","link":"https:\/\/maisonduveloblancarde.fr\/?page_id=956","title":{"rendered":"concert v\u00e9lo swing"},"content":{"rendered":"\t\t<div data-elementor-type=\"wp-page\" data-elementor-id=\"956\" class=\"elementor elementor-956\">\n\t\t\t\t<div class=\"elementor-element elementor-element-8eea381 e-flex e-con-boxed e-con e-parent\" data-id=\"8eea381\" data-element_type=\"container\">\n\t\t\t\t\t<div class=\"e-con-inner\">\n\t\t<div class=\"elementor-element elementor-element-13887fc e-con-full e-flex e-con e-child\" data-id=\"13887fc\" data-element_type=\"container\">\n\t\t\t\t<div class=\"elementor-element elementor-element-eae46cb elementor-widget elementor-widget-image\" data-id=\"eae46cb\" data-element_type=\"widget\" data-widget_type=\"image.default\">\n\t\t\t\t<div class=\"elementor-widget-container\">\n\t\t\t<style>\/*! elementor - v3.22.0 - 24-06-2024 *\/\n.elementor-widget-image{text-align:center}.elementor-widget-image a{display:inline-block}.elementor-widget-image a img[src$=\".svg\"]{width:48px}.elementor-widget-image img{vertical-align:middle;display:inline-block}<\/style>\t\t\t\t\t\t\t\t\t\t<img fetchpriority=\"high\" decoding=\"async\" width=\"724\" height=\"1024\" src=\"https:\/\/maisonduveloblancarde.fr\/wp-content\/uploads\/2026\/04\/concert-724x1024.png\" class=\"attachment-large size-large wp-image-961\" alt=\"\" srcset=\"https:\/\/maisonduveloblancarde.fr\/wp-content\/uploads\/2026\/04\/concert-724x1024.png 724w, https:\/\/maisonduveloblancarde.fr\/wp-content\/uploads\/2026\/04\/concert-212x300.png 212w, https:\/\/maisonduveloblancarde.fr\/wp-content\/uploads\/2026\/04\/concert-768x1086.png 768w, https:\/\/maisonduveloblancarde.fr\/wp-content\/uploads\/2026\/04\/concert-1086x1536.png 1086w, https:\/\/maisonduveloblancarde.fr\/wp-content\/uploads\/2026\/04\/concert.png 1414w\" sizes=\"(max-width: 724px) 100vw, 724px\" \/>\t\t\t\t\t\t\t\t\t\t\t\t\t<\/div>\n\t\t\t\t<\/div>\n\t\t\t\t<\/div>\n\t\t<div class=\"elementor-element elementor-element-92dbdfa e-con-full e-flex e-con e-child\" data-id=\"92dbdfa\" data-element_type=\"container\">\n\t\t\t\t<div class=\"elementor-element elementor-element-4aa596d elementor-widget elementor-widget-text-editor\" data-id=\"4aa596d\" data-element_type=\"widget\" data-widget_type=\"text-editor.default\">\n\t\t\t\t<div class=\"elementor-widget-container\">\n\t\t\t<style>\/*! elementor - v3.22.0 - 24-06-2024 *\/\n.elementor-widget-text-editor.elementor-drop-cap-view-stacked .elementor-drop-cap{background-color:#69727d;color:#fff}.elementor-widget-text-editor.elementor-drop-cap-view-framed .elementor-drop-cap{color:#69727d;border:3px solid;background-color:transparent}.elementor-widget-text-editor:not(.elementor-drop-cap-view-default) .elementor-drop-cap{margin-top:8px}.elementor-widget-text-editor:not(.elementor-drop-cap-view-default) .elementor-drop-cap-letter{width:1em;height:1em}.elementor-widget-text-editor .elementor-drop-cap{float:left;text-align:center;line-height:1;font-size:50px}.elementor-widget-text-editor .elementor-drop-cap-letter{display:inline-block}<\/style>\t\t\t\t<h6 class=\"xdj266r x14z9mp xat24cr x1lziwak x1vvkbs\">La Maison du V\u00e9lo Marseille Blancarde est heureuse d&#8217;accueillir, le mercredi 13 mai \u00e0 20h30, V\u00e9lo Swing dans son jardin pour un concert acoustique et dansant autour de ces artistes cyclistes trimbalant leurs instruments (et pas des moindres) \u00e0 v\u00e9lo le long de leur voyage entre l&#8217;Espagne et l&#8217;Italie. En escale \u00e0 Marseille, ce trio vous fera vibrer par leurs valses en danseuse, swing \u00e0 p\u00e9dales, klezmer d\u00e9raill\u00e9 et autre Forro gonfl\u00e9.<\/h6><h6 class=\"x14z9mp xat24cr x1lziwak x1vvkbs xtlvy1s\">&#8220;V\u00e9lo Swing est n\u00e9 en 2024 lors d\u2019un premier voyage p\u00e9dal\u00e9 de Lecce (Pouilles) \u00e0 Bologne (Emilie-Romagne) pour y rejoindre, avec instruments et bagages la vingti\u00e8me Ciemmona (Critical Mass interplan\u00e9taire qui a lieu une fois par an en Italie depuis 2004. Une grande v\u00e9lorution version transalpine.)<\/h6><h6 class=\"x14z9mp xat24cr x1lziwak x1vvkbs xtlvy1s\">En 2025 on remet \u00e7a. La Ciemmona cette ann\u00e9e l\u00e0 sera \u00e0 Genova, qu\u2019\u00e0 cela ne tienne, nous p\u00e9dalons de Caserta (Campanie) jusqu\u2019\u00e0 la capitale de la Ligurie, en semant nos notes par routes et chemins.<\/h6><h6 class=\"x14z9mp xat24cr x1lziwak x1vvkbs xtlvy1s\">Des envies de m\u00e9galomanie s\u2019emparent de nous&#8230; Nous d\u00e9cidons de faire la jonction entre la Criticona \u00e0 Barcelone, et la Ciemmona qui aura lieu \u00e0 Livorno en cette ann\u00e9e 2026. Un voyage qui durera un mois contre une quinzaine de jours pour les pr\u00e9c\u00e9dents.<\/h6><h6 class=\"x14z9mp xat24cr x1lziwak x1vvkbs xtlvy1s\">Mais pourquoi s\u2019arr\u00eater l\u00e0?<\/h6><h6 class=\"x14z9mp xat24cr x1lziwak x1vvkbs xtlvy1s\">Alors, entre deux morceaux on vous racontera pourquoi, on vous dira comment, on vous fera go\u00fbter un peu de cette libert\u00e9, levant nos vers \u00e0 l\u2019humanit\u00e9.<\/h6><h6 class=\"x14z9mp xat24cr x1lziwak x1vvkbs xtlvy1s\">V\u00e9lo Swing c\u2019est Iannis Ferrari (accord\u00e9on diatonique), Manu Ferrari (accord\u00e9on chromatique), Matteo Galli (contrebasse cyclop\u00e9dique).&#8221;<\/h6><h6><a href=\"https:\/\/l.facebook.com\/l.php?u=https%3A%2F%2Fwww.youtube.com%2F%40V%25C3%25A9loSwing%3Ffbclid%3DIwZXh0bgNhZW0CMTAAYnJpZBEwMnhUR0VFNjhNY0dSRHE0OXNydGMGYXBwX2lkEDIyMjAzOTE3ODgyMDA4OTIAAR7cqI3S08CBJBoIhG_tX_I2Om8iDAGUyhM1rkiC-PCnXtadcNm6Fyew1XFy2A_aem_ObQZ8UdZZEWGCEwsaTf08Q&amp;h=AT4h3DK8eA73zeTcdjIc0EgEwV6JrSyaBqWqnJ_vL5iTTNNZDFxigmFZjYouA-bdOOY3mDd2E9kVW-yoBfeCC5qwfxmFsEsAPIvxPGCQL81Mp1_GPJ46-as8039oF_L0vn5wXU9ZwmoXoR_W4qsdSmN-aDHGnA6a&amp;__tn__=q&amp;c[0]=AT4tlhEIaVZ0M7IWBK0Kdcj1US1OsOuXgqH9rwQ2GepucaQUWgcQJJ5p1MfTZr-hLqUjGArSB_EnioFluC1OoK_B60zsKwGuIrUpX6HHqpjQtGYzpxDTjMoqja4xNhzzbg2Cdirvg-ZehgrW2yFQ-Mh8hUFsYdB53D0\">Pour voir leurs vid\u00e9os\u00a0<\/a><\/h6><h6><a href=\"https:\/\/www.helloasso.com\/associations\/cyclotopia\/evenements\/concert-plein-air-velo-swing-mercredi-13-mai-20h30?fbclid=IwY2xjawRdqEZleHRuA2FlbQIxMABicmlkETAyeFRHRUU2OE1jR1JEcTQ5c3J0YwZhcHBfaWQQMjIyMDM5MTc4ODIwMDg5MgABHsvCd-M3QwL0vkf8S8oWWiZe6DdGSe7pulrQ4u2MN6ApAa1uyPQuvlBJ6rx9_aem_QqN2iY1WNwzrQecP1iY4Iw\">Pour s&#8217;inscrire<\/a><\/h6><div>\u00a0<\/div><div>\u00a0<\/div>\t\t\t\t\t\t<\/div>\n\t\t\t\t<\/div>\n\t\t\t\t<\/div>\n\t\t\t\t\t<\/div>\n\t\t\t\t<\/div>\n\t\t\t\t<\/div>\n\t\t","protected":false},"excerpt":{"rendered":"<p>La Maison du V\u00e9lo Marseille Blancarde est heureuse d&#8217;accueillir, le mercredi 13 mai \u00e0 20h30, V\u00e9lo Swing dans son jardin pour un concert acoustique et dansant autour de ces artistes cyclistes trimbalant leurs instruments (et pas des moindres) \u00e0 v\u00e9lo le long de leur voyage entre l&#8217;Espagne et l&#8217;Italie. En escale \u00e0 Marseille, ce trio&hellip;&nbsp;<a href=\"https:\/\/maisonduveloblancarde.fr\/?page_id=956\" class=\"\" rel=\"bookmark\">Read More &raquo;<span class=\"screen-reader-text\">concert v\u00e9lo swing<\/span><\/a><\/p>\n","protected":false},"author":1,"featured_media":0,"parent":0,"menu_order":0,"comment_status":"closed","ping_status":"closed","template":"page-templates\/template-pagebuilder-full-width.php","meta":{"neve_meta_sidebar":"","neve_meta_container":"","neve_meta_enable_content_width":"","neve_meta_content_width":0,"neve_meta_title_alignment":"","neve_meta_author_avatar":"","neve_post_elements_order":"","neve_meta_disable_header":"","neve_meta_disable_footer":"","neve_meta_disable_title":"","_themeisle_gutenberg_block_has_review":false,"_ti_tpc_template_sync":false,"_ti_tpc_template_id":"","footnotes":""},"yoast_head":"<!-- This site is optimized with the Yoast SEO plugin v22.6 - https:\/\/yoast.com\/wordpress\/plugins\/seo\/ -->\n<title>concert v\u00e9lo swing -<\/title>\n<meta name=\"robots\" content=\"index, follow, max-snippet:-1, max-image-preview:large, max-video-preview:-1\" \/>\n<link rel=\"canonical\" href=\"https:\/\/maisonduveloblancarde.fr\/?page_id=956\" \/>\n<meta property=\"og:locale\" content=\"en_US\" \/>\n<meta property=\"og:type\" content=\"article\" \/>\n<meta property=\"og:title\" content=\"concert v\u00e9lo swing -\" \/>\n<meta property=\"og:description\" content=\"La Maison du V\u00e9lo Marseille Blancarde est heureuse d&#8217;accueillir, le mercredi 13 mai \u00e0 20h30, V\u00e9lo Swing dans son jardin pour un concert acoustique et dansant autour de ces artistes cyclistes trimbalant leurs instruments (et pas des moindres) \u00e0 v\u00e9lo le long de leur voyage entre l&#8217;Espagne et l&#8217;Italie. En escale \u00e0 Marseille, ce trio&hellip;&nbsp;Read More &raquo;concert v\u00e9lo swing\" \/>\n<meta property=\"og:url\" content=\"https:\/\/maisonduveloblancarde.fr\/?page_id=956\" \/>\n<meta property=\"article:modified_time\" content=\"2026-04-28T15:15:12+00:00\" \/>\n<meta property=\"og:image\" content=\"http:\/\/maisonduveloblancarde.fr\/wp-content\/uploads\/2026\/04\/concert-724x1024.png\" \/>\n<meta name=\"twitter:card\" content=\"summary_large_image\" \/>\n<meta name=\"twitter:label1\" content=\"Est. reading time\" \/>\n\t<meta name=\"twitter:data1\" content=\"2 minutes\" \/>\n<script type=\"application\/ld+json\" class=\"yoast-schema-graph\">{\"@context\":\"https:\/\/schema.org\",\"@graph\":[{\"@type\":\"WebPage\",\"@id\":\"https:\/\/maisonduveloblancarde.fr\/?page_id=956\",\"url\":\"https:\/\/maisonduveloblancarde.fr\/?page_id=956\",\"name\":\"concert v\u00e9lo swing -\",\"isPartOf\":{\"@id\":\"https:\/\/maisonduveloblancarde.fr\/#website\"},\"primaryImageOfPage\":{\"@id\":\"https:\/\/maisonduveloblancarde.fr\/?page_id=956#primaryimage\"},\"image\":{\"@id\":\"https:\/\/maisonduveloblancarde.fr\/?page_id=956#primaryimage\"},\"thumbnailUrl\":\"http:\/\/maisonduveloblancarde.fr\/wp-content\/uploads\/2026\/04\/concert-724x1024.png\",\"datePublished\":\"2026-04-28T15:09:11+00:00\",\"dateModified\":\"2026-04-28T15:15:12+00:00\",\"breadcrumb\":{\"@id\":\"https:\/\/maisonduveloblancarde.fr\/?page_id=956#breadcrumb\"},\"inLanguage\":\"en-US\",\"potentialAction\":[{\"@type\":\"ReadAction\",\"target\":[\"https:\/\/maisonduveloblancarde.fr\/?page_id=956\"]}]},{\"@type\":\"ImageObject\",\"inLanguage\":\"en-US\",\"@id\":\"https:\/\/maisonduveloblancarde.fr\/?page_id=956#primaryimage\",\"url\":\"https:\/\/maisonduveloblancarde.fr\/wp-content\/uploads\/2026\/04\/concert.png\",\"contentUrl\":\"https:\/\/maisonduveloblancarde.fr\/wp-content\/uploads\/2026\/04\/concert.png\",\"width\":1414,\"height\":2000},{\"@type\":\"BreadcrumbList\",\"@id\":\"https:\/\/maisonduveloblancarde.fr\/?page_id=956#breadcrumb\",\"itemListElement\":[{\"@type\":\"ListItem\",\"position\":1,\"name\":\"Accueil\",\"item\":\"https:\/\/maisonduveloblancarde.fr\/\"},{\"@type\":\"ListItem\",\"position\":2,\"name\":\"concert v\u00e9lo swing\"}]},{\"@type\":\"WebSite\",\"@id\":\"https:\/\/maisonduveloblancarde.fr\/#website\",\"url\":\"https:\/\/maisonduveloblancarde.fr\/\",\"name\":\"\",\"description\":\"\",\"potentialAction\":[{\"@type\":\"SearchAction\",\"target\":{\"@type\":\"EntryPoint\",\"urlTemplate\":\"https:\/\/maisonduveloblancarde.fr\/?s={search_term_string}\"},\"query-input\":\"required name=search_term_string\"}],\"inLanguage\":\"en-US\"}]}<\/script>\n<!-- \/ Yoast SEO plugin. -->","yoast_head_json":{"title":"concert v\u00e9lo swing -","robots":{"index":"index","follow":"follow","max-snippet":"max-snippet:-1","max-image-preview":"max-image-preview:large","max-video-preview":"max-video-preview:-1"},"canonical":"https:\/\/maisonduveloblancarde.fr\/?page_id=956","og_locale":"en_US","og_type":"article","og_title":"concert v\u00e9lo swing -","og_description":"La Maison du V\u00e9lo Marseille Blancarde est heureuse d&#8217;accueillir, le mercredi 13 mai \u00e0 20h30, V\u00e9lo Swing dans son jardin pour un concert acoustique et dansant autour de ces artistes cyclistes trimbalant leurs instruments (et pas des moindres) \u00e0 v\u00e9lo le long de leur voyage entre l&#8217;Espagne et l&#8217;Italie. En escale \u00e0 Marseille, ce trio&hellip;&nbsp;Read More &raquo;concert v\u00e9lo swing","og_url":"https:\/\/maisonduveloblancarde.fr\/?page_id=956","article_modified_time":"2026-04-28T15:15:12+00:00","og_image":[{"url":"http:\/\/maisonduveloblancarde.fr\/wp-content\/uploads\/2026\/04\/concert-724x1024.png"}],"twitter_card":"summary_large_image","twitter_misc":{"Est. reading time":"2 minutes"},"schema":{"@context":"https:\/\/schema.org","@graph":[{"@type":"WebPage","@id":"https:\/\/maisonduveloblancarde.fr\/?page_id=956","url":"https:\/\/maisonduveloblancarde.fr\/?page_id=956","name":"concert v\u00e9lo swing -","isPartOf":{"@id":"https:\/\/maisonduveloblancarde.fr\/#website"},"primaryImageOfPage":{"@id":"https:\/\/maisonduveloblancarde.fr\/?page_id=956#primaryimage"},"image":{"@id":"https:\/\/maisonduveloblancarde.fr\/?page_id=956#primaryimage"},"thumbnailUrl":"http:\/\/maisonduveloblancarde.fr\/wp-content\/uploads\/2026\/04\/concert-724x1024.png","datePublished":"2026-04-28T15:09:11+00:00","dateModified":"2026-04-28T15:15:12+00:00","breadcrumb":{"@id":"https:\/\/maisonduveloblancarde.fr\/?page_id=956#breadcrumb"},"inLanguage":"en-US","potentialAction":[{"@type":"ReadAction","target":["https:\/\/maisonduveloblancarde.fr\/?page_id=956"]}]},{"@type":"ImageObject","inLanguage":"en-US","@id":"https:\/\/maisonduveloblancarde.fr\/?page_id=956#primaryimage","url":"https:\/\/maisonduveloblancarde.fr\/wp-content\/uploads\/2026\/04\/concert.png","contentUrl":"https:\/\/maisonduveloblancarde.fr\/wp-content\/uploads\/2026\/04\/concert.png","width":1414,"height":2000},{"@type":"BreadcrumbList","@id":"https:\/\/maisonduveloblancarde.fr\/?page_id=956#breadcrumb","itemListElement":[{"@type":"ListItem","position":1,"name":"Accueil","item":"https:\/\/maisonduveloblancarde.fr\/"},{"@type":"ListItem","position":2,"name":"concert v\u00e9lo swing"}]},{"@type":"WebSite","@id":"https:\/\/maisonduveloblancarde.fr\/#website","url":"https:\/\/maisonduveloblancarde.fr\/","name":"","description":"","potentialAction":[{"@type":"SearchAction","target":{"@type":"EntryPoint","urlTemplate":"https:\/\/maisonduveloblancarde.fr\/?s={search_term_string}"},"query-input":"required name=search_term_string"}],"inLanguage":"en-US"}]}},"_links":{"self":[{"href":"https:\/\/maisonduveloblancarde.fr\/index.php?rest_route=\/wp\/v2\/pages\/956"}],"collection":[{"href":"https:\/\/maisonduveloblancarde.fr\/index.php?rest_route=\/wp\/v2\/pages"}],"about":[{"href":"https:\/\/maisonduveloblancarde.fr\/index.php?rest_route=\/wp\/v2\/types\/page"}],"author":[{"embeddable":true,"href":"https:\/\/maisonduveloblancarde.fr\/index.php?rest_route=\/wp\/v2\/users\/1"}],"replies":[{"embeddable":true,"href":"https:\/\/maisonduveloblancarde.fr\/index.php?rest_route=%2Fwp%2Fv2%2Fcomments&post=956"}],"version-history":[{"count":7,"href":"https:\/\/maisonduveloblancarde.fr\/index.php?rest_route=\/wp\/v2\/pages\/956\/revisions"}],"predecessor-version":[{"id":964,"href":"https:\/\/maisonduveloblancarde.fr\/index.php?rest_route=\/wp\/v2\/pages\/956\/revisions\/964"}],"wp:attachment":[{"href":"https:\/\/maisonduveloblancarde.fr\/index.php?rest_route=%2Fwp%2Fv2%2Fmedia&parent=956"}],"curies":[{"name":"wp","href":"https:\/\/api.w.org\/{rel}","templated":true}]}}